{"id":1684,"date":"2023-11-14T23:53:17","date_gmt":"2023-11-14T22:53:17","guid":{"rendered":"https:\/\/biografiasociedad.com\/que-oferim\/accions-formatives-i-recerca-aplicada\/"},"modified":"2023-12-07T00:59:28","modified_gmt":"2023-12-06T23:59:28","slug":"accions-formatives-i-recerca-aplicada","status":"publish","type":"page","link":"https:\/\/biografiasociedad.com\/ca\/que-oferim\/accions-formatives-i-recerca-aplicada\/","title":{"rendered":"Accions formatives i recerca aplicada"},"content":{"rendered":"\t\t<div data-elementor-type=\"wp-page\" data-elementor-id=\"1684\" class=\"elementor elementor-1684 elementor-908\">\n\t\t\t\t\t\t\t<div class=\"elementor-element elementor-element-3abb9f7 e-flex e-con-boxed e-con e-parent\" data-id=\"3abb9f7\" data-element_type=\"container\" data-settings=\"{&quot;container_type&quot;:&quot;flex&quot;,&quot;content_width&quot;:&quot;boxed&quot;}\" data-core-v316-plus=\"true\">\n\t\t\t\t\t<div class=\"e-con-inner\">\n\t\t<div class=\"elementor-element elementor-element-81b9451 e-flex e-con-boxed e-con e-child\" data-id=\"81b9451\" data-element_type=\"container\" data-settings=\"{&quot;container_type&quot;:&quot;flex&quot;,&quot;content_width&quot;:&quot;boxed&quot;}\">\n\t\t\t\t\t<div class=\"e-con-inner\">\n\t\t\t\t<div class=\"elementor-element elementor-element-9f20777 elementor-widget elementor-widget-image\" data-id=\"9f20777\" data-element_type=\"widget\" data-widget_type=\"image.default\">\n\t\t\t\t<div class=\"elementor-widget-container\">\n\t\t\t<style>\/*! elementor - v3.18.0 - 08-12-2023 *\/\n.elementor-widget-image{text-align:center}.elementor-widget-image a{display:inline-block}.elementor-widget-image a img[src$=\".svg\"]{width:48px}.elementor-widget-image img{vertical-align:middle;display:inline-block}<\/style>\t\t\t\t\t\t\t\t\t\t\t\t<img fetchpriority=\"high\" decoding=\"async\" width=\"420\" height=\"315\" src=\"https:\/\/biografiasociedad.com\/wp-content\/uploads\/2023\/11\/acciones-formativas.jpg\" class=\"attachment-large size-large wp-image-1666\" alt=\"\" srcset=\"https:\/\/biografiasociedad.com\/wp-content\/uploads\/2023\/11\/acciones-formativas.jpg 420w, https:\/\/biografiasociedad.com\/wp-content\/uploads\/2023\/11\/acciones-formativas-300x225.jpg 300w\" sizes=\"(max-width: 420px) 100vw, 420px\" \/>\t\t\t\t\t\t\t\t\t\t\t\t\t\t\t<\/div>\n\t\t\t\t<\/div>\n\t\t<div class=\"elementor-element elementor-element-f35d7fd e-con-full e-flex e-con e-child\" data-id=\"f35d7fd\" data-element_type=\"container\" data-settings=\"{&quot;content_width&quot;:&quot;full&quot;,&quot;container_type&quot;:&quot;flex&quot;}\">\n\t\t\t\t<div class=\"elementor-element elementor-element-f2cc24c elementor-widget elementor-widget-heading\" data-id=\"f2cc24c\" data-element_type=\"widget\" data-widget_type=\"heading.default\">\n\t\t\t\t<div class=\"elementor-widget-container\">\n\t\t\t<style>\/*! elementor - v3.18.0 - 08-12-2023 *\/\n.elementor-heading-title{padding:0;margin:0;line-height:1}.elementor-widget-heading .elementor-heading-title[class*=elementor-size-]>a{color:inherit;font-size:inherit;line-height:inherit}.elementor-widget-heading .elementor-heading-title.elementor-size-small{font-size:15px}.elementor-widget-heading .elementor-heading-title.elementor-size-medium{font-size:19px}.elementor-widget-heading .elementor-heading-title.elementor-size-large{font-size:29px}.elementor-widget-heading .elementor-heading-title.elementor-size-xl{font-size:39px}.elementor-widget-heading .elementor-heading-title.elementor-size-xxl{font-size:59px}<\/style><h3 class=\"elementor-heading-title elementor-size-default\"><b>Accions formatives<\/h3>\t\t<\/div>\n\t\t\t\t<\/div>\n\t\t\t\t<div class=\"elementor-element elementor-element-5da6579 elementor-widget elementor-widget-text-editor\" data-id=\"5da6579\" data-element_type=\"widget\" data-widget_type=\"text-editor.default\">\n\t\t\t\t<div class=\"elementor-widget-container\">\n\t\t\t<style>\/*! elementor - v3.18.0 - 08-12-2023 *\/\n.elementor-widget-text-editor.elementor-drop-cap-view-stacked .elementor-drop-cap{background-color:#69727d;color:#fff}.elementor-widget-text-editor.elementor-drop-cap-view-framed .elementor-drop-cap{color:#69727d;border:3px solid;background-color:transparent}.elementor-widget-text-editor:not(.elementor-drop-cap-view-default) .elementor-drop-cap{margin-top:8px}.elementor-widget-text-editor:not(.elementor-drop-cap-view-default) .elementor-drop-cap-letter{width:1em;height:1em}.elementor-widget-text-editor .elementor-drop-cap{float:left;text-align:center;line-height:1;font-size:50px}.elementor-widget-text-editor .elementor-drop-cap-letter{display:inline-block}<\/style>\t\t\t\t<p>Les integrants de l&#8217;Institut Biografia &amp; Societat comptem amb m\u00e9s de vint anys de traject\u00f2ria docent en l\u2019\u00e0mbit universitari, postuniversitari i en organitzacions del tercer sector.<\/p><p>La nostra acci\u00f3 formativa t\u00e9 lloc al Grau de Treball Social (Facultat d\u2019Educaci\u00f3, Universitat de Barcelona) i a diversos M\u00e0sters Universitaris Oficials i Propis, aix\u00ed com a institucions p\u00fabliques i privades.<\/p><p>Actualment, fem doc\u00e8ncia al M\u00e0ster Oficial en Mediaci\u00f3 de Conflictes de la Universitat de Barcelona, al M\u00e0ster Interuniversitari en T\u00e8cniques d&#8217;Investigaci\u00f3 Social Aplicada (TISA) de la Universitat Aut\u00f2noma de Barcelona, la Universitat de Barcelona i el Col\u00b7legi de Doctors i Llicenciats en Ci\u00e8ncies Pol\u00edtiques i Sociologia, i els Postgraus en Crian\u00e7a 0-3 i Acompanyament a les Fam\u00edlies en Xarxa, de la Universitat de Barcelona.<\/p>\t\t\t\t\t\t<\/div>\n\t\t\t\t<\/div>\n\t\t\t\t<\/div>\n\t\t\t\t\t<\/div>\n\t\t\t\t<\/div>\n\t\t\t\t\t<\/div>\n\t\t\t\t<\/div>\n\t\t<div class=\"elementor-element elementor-element-b9175fc e-flex e-con-boxed e-con e-parent\" data-id=\"b9175fc\" data-element_type=\"container\" data-settings=\"{&quot;container_type&quot;:&quot;flex&quot;,&quot;content_width&quot;:&quot;boxed&quot;}\" data-core-v316-plus=\"true\">\n\t\t\t\t\t<div class=\"e-con-inner\">\n\t\t<div class=\"elementor-element elementor-element-8050860 e-flex e-con-boxed e-con e-child\" data-id=\"8050860\" data-element_type=\"container\" data-settings=\"{&quot;container_type&quot;:&quot;flex&quot;,&quot;content_width&quot;:&quot;boxed&quot;}\">\n\t\t\t\t\t<div class=\"e-con-inner\">\n\t\t\t\t<div class=\"elementor-element elementor-element-1b2d6a3 elementor-widget elementor-widget-image\" data-id=\"1b2d6a3\" data-element_type=\"widget\" data-widget_type=\"image.default\">\n\t\t\t\t<div class=\"elementor-widget-container\">\n\t\t\t\t\t\t\t\t\t\t\t\t\t\t\t<img decoding=\"async\" width=\"1024\" height=\"683\" src=\"https:\/\/biografiasociedad.com\/wp-content\/uploads\/2023\/12\/recerca-aplicada-3-1024x683.jpeg\" class=\"attachment-large size-large wp-image-1962\" alt=\"\" srcset=\"https:\/\/biografiasociedad.com\/wp-content\/uploads\/2023\/12\/recerca-aplicada-3-1024x683.jpeg 1024w, https:\/\/biografiasociedad.com\/wp-content\/uploads\/2023\/12\/recerca-aplicada-3-300x200.jpeg 300w, https:\/\/biografiasociedad.com\/wp-content\/uploads\/2023\/12\/recerca-aplicada-3-768x512.jpeg 768w, https:\/\/biografiasociedad.com\/wp-content\/uploads\/2023\/12\/recerca-aplicada-3-1536x1024.jpeg 1536w, https:\/\/biografiasociedad.com\/wp-content\/uploads\/2023\/12\/recerca-aplicada-3-2048x1365.jpeg 2048w\" sizes=\"(max-width: 1024px) 100vw, 1024px\" \/>\t\t\t\t\t\t\t\t\t\t\t\t\t\t\t<\/div>\n\t\t\t\t<\/div>\n\t\t<div class=\"elementor-element elementor-element-14700f1 e-con-full e-flex e-con e-child\" data-id=\"14700f1\" data-element_type=\"container\" data-settings=\"{&quot;content_width&quot;:&quot;full&quot;,&quot;container_type&quot;:&quot;flex&quot;}\">\n\t\t\t\t<div class=\"elementor-element elementor-element-d4e5d3b elementor-widget elementor-widget-heading\" data-id=\"d4e5d3b\" data-element_type=\"widget\" data-widget_type=\"heading.default\">\n\t\t\t\t<div class=\"elementor-widget-container\">\n\t\t\t<h3 class=\"elementor-heading-title elementor-size-default\"><b>Recerca Aplicada<\/h3>\t\t<\/div>\n\t\t\t\t<\/div>\n\t\t\t\t<div class=\"elementor-element elementor-element-95caeca elementor-widget elementor-widget-text-editor\" data-id=\"95caeca\" data-element_type=\"widget\" data-widget_type=\"text-editor.default\">\n\t\t\t\t<div class=\"elementor-widget-container\">\n\t\t\t\t\t\t\t<p>La nostra recerca \u00e9s <strong>qualitativa, aplicada, estrat\u00e8gica i participativa<\/strong>:<\/p><ul><li>Qualitativa perqu\u00e8 posem en el centre la persona i la seva subjectivitat<\/li><li>Aplicada per la seva vinculaci\u00f3 amb la realitat social i la seva vocaci\u00f3 de transformaci\u00f3<\/li><li>Estrat\u00e8gica per l&#8217;encaix entre les potencialitats de les persones i el seu context social<\/li><li>Participativa per integrar els sabers dels seus protagonistes en totes les fases del proc\u00e9s d&#8217;investigaci\u00f3<\/li><\/ul><p>Hem dut a terme projectes de recerca biogr\u00e0fica aplicada pels municipis de El Prat de Llobregat (inserci\u00f3 sociolaboral), l\u2019Ajuntament de Figueres (inclusi\u00f3 social), l&#8217;Ajuntament de Vila-seca (participaci\u00f3 ciutadana) o la Fundaci\u00f3 Jaume Bofill (persones sense sostre, immigraci\u00f3 i abandonament escolar prematur), entre altres.<\/p>\t\t\t\t\t\t<\/div>\n\t\t\t\t<\/div>\n\t\t\t\t<\/div>\n\t\t\t\t\t<\/div>\n\t\t\t\t<\/div>\n\t\t\t\t\t<\/div>\n\t\t\t\t<\/div>\n\t\t<div class=\"elementor-element elementor-element-238421f e-flex e-con-boxed e-con e-parent\" data-id=\"238421f\" data-element_type=\"container\" data-settings=\"{&quot;container_type&quot;:&quot;flex&quot;,&quot;content_width&quot;:&quot;boxed&quot;}\" data-core-v316-plus=\"true\">\n\t\t\t\t\t<div class=\"e-con-inner\">\n\t\t<div class=\"elementor-element elementor-element-00f5a9a e-flex e-con-boxed e-con e-child\" data-id=\"00f5a9a\" data-element_type=\"container\" data-settings=\"{&quot;container_type&quot;:&quot;flex&quot;,&quot;content_width&quot;:&quot;boxed&quot;}\">\n\t\t\t\t\t<div class=\"e-con-inner\">\n\t\t<div class=\"elementor-element elementor-element-455536c e-flex e-con-boxed e-con e-child\" data-id=\"455536c\" data-element_type=\"container\" data-settings=\"{&quot;container_type&quot;:&quot;flex&quot;,&quot;content_width&quot;:&quot;boxed&quot;}\">\n\t\t\t\t\t<div class=\"e-con-inner\">\n\t\t\t\t<div class=\"elementor-element elementor-element-ca1e4a9 elementor-widget elementor-widget-heading\" data-id=\"ca1e4a9\" data-element_type=\"widget\" data-widget_type=\"heading.default\">\n\t\t\t\t<div class=\"elementor-widget-container\">\n\t\t\t<h2 class=\"elementor-heading-title elementor-size-default\">Veure m\u00e9s <b>serveis<\/b><\/h2>\t\t<\/div>\n\t\t\t\t<\/div>\n\t\t\t\t\t<\/div>\n\t\t\t\t<\/div>\n\t\t<div class=\"elementor-element elementor-element-bfca313 e-flex e-con-boxed e-con e-child\" data-id=\"bfca313\" data-element_type=\"container\" data-settings=\"{&quot;background_background&quot;:&quot;classic&quot;,&quot;container_type&quot;:&quot;flex&quot;,&quot;content_width&quot;:&quot;boxed&quot;}\">\n\t\t\t\t\t<div class=\"e-con-inner\">\n\t\t\t\t<div class=\"elementor-element elementor-element-d3846ec elementor-widget elementor-widget-heading\" data-id=\"d3846ec\" data-element_type=\"widget\" data-widget_type=\"heading.default\">\n\t\t\t\t<div class=\"elementor-widget-container\">\n\t\t\t<h3 class=\"elementor-heading-title elementor-size-default\"><a href=\"https:\/\/biografiasociedad.com\/ca\/que-oferim\/converses-ciutadanes-i-mediacio\/\">Converses Ciutadanes<br>i Mediaci\u00f3 <\/a><\/h3>\t\t<\/div>\n\t\t\t\t<\/div>\n\t\t\t\t\t<\/div>\n\t\t\t\t<\/div>\n\t\t<div class=\"elementor-element elementor-element-3550b4e e-flex e-con-boxed e-con e-child\" data-id=\"3550b4e\" data-element_type=\"container\" data-settings=\"{&quot;background_background&quot;:&quot;classic&quot;,&quot;container_type&quot;:&quot;flex&quot;,&quot;content_width&quot;:&quot;boxed&quot;}\">\n\t\t\t\t\t<div class=\"e-con-inner\">\n\t\t\t\t<div class=\"elementor-element elementor-element-2912c31 elementor-widget elementor-widget-heading\" data-id=\"2912c31\" data-element_type=\"widget\" data-widget_type=\"heading.default\">\n\t\t\t\t<div class=\"elementor-widget-container\">\n\t\t\t<h3 class=\"elementor-heading-title elementor-size-default\"><a href=\"https:\/\/biografiasociedad.com\/ca\/que-oferim\/orientacio-biografica-i-supervisio\/\">Orientaci\u00f3 biogr\u00e0fica <br>i\nSupervisi\u00f3<\/a><\/h3>\t\t<\/div>\n\t\t\t\t<\/div>\n\t\t\t\t\t<\/div>\n\t\t\t\t<\/div>\n\t\t\t\t\t<\/div>\n\t\t\t\t<\/div>\n\t\t\t\t\t<\/div>\n\t\t\t\t<\/div>\n\t\t<div class=\"elementor-element elementor-element-75910ef cta-footer e-flex e-con-boxed e-con e-parent\" data-id=\"75910ef\" data-element_type=\"container\" data-settings=\"{&quot;container_type&quot;:&quot;flex&quot;,&quot;content_width&quot;:&quot;boxed&quot;}\" data-core-v316-plus=\"true\">\n\t\t\t\t\t<div class=\"e-con-inner\">\n\t\t<div class=\"elementor-element elementor-element-8698275 e-flex e-con-boxed e-con e-child\" data-id=\"8698275\" data-element_type=\"container\" data-settings=\"{&quot;container_type&quot;:&quot;flex&quot;,&quot;content_width&quot;:&quot;boxed&quot;}\">\n\t\t\t\t\t<div class=\"e-con-inner\">\n\t\t<div class=\"elementor-element elementor-element-82d36ce e-con-full e-flex e-con e-child\" data-id=\"82d36ce\" data-element_type=\"container\" data-settings=\"{&quot;content_width&quot;:&quot;full&quot;,&quot;background_background&quot;:&quot;classic&quot;,&quot;container_type&quot;:&quot;flex&quot;}\">\n\t\t\t\t<\/div>\n\t\t<div class=\"elementor-element elementor-element-e36f75c e-con-full e-flex e-con e-child\" data-id=\"e36f75c\" data-element_type=\"container\" data-settings=\"{&quot;content_width&quot;:&quot;full&quot;,&quot;background_background&quot;:&quot;classic&quot;,&quot;container_type&quot;:&quot;flex&quot;}\">\n\t\t\t\t<div class=\"elementor-element elementor-element-f788352 elementor-widget elementor-widget-heading\" data-id=\"f788352\" data-element_type=\"widget\" data-widget_type=\"heading.default\">\n\t\t\t\t<div class=\"elementor-widget-container\">\n\t\t\t<h3 class=\"elementor-heading-title elementor-size-default\">CONNECTA AMB NOSALTRES I COMEN\u00c7A EL VIATGE CAP A UNA COMPRENSI\u00d3 M\u00c9S PROFUNDA DE LA teva biografia i la SOCIETAT!<\/h3>\t\t<\/div>\n\t\t\t\t<\/div>\n\t\t\t\t<div class=\"elementor-element elementor-element-d47a078 elementor-widget elementor-widget-text-editor\" data-id=\"d47a078\" data-element_type=\"widget\" data-widget_type=\"text-editor.default\">\n\t\t\t\t<div class=\"elementor-widget-container\">\n\t\t\t\t\t\t\t<p>En l&#8217;Institut Biografia i Societat, creiem en el poder de la teva hist\u00f2ria per a modelar el m\u00f3n que compartim.<\/p>\n\t\t\t\t\t\t<\/div>\n\t\t\t\t<\/div>\n\t\t\t\t<div class=\"elementor-element elementor-element-25fe6a0 elementor-align-left button-container elementor-widget elementor-widget-button\" data-id=\"25fe6a0\" data-element_type=\"widget\" data-widget_type=\"button.default\">\n\t\t\t\t<div class=\"elementor-widget-container\">\n\t\t\t\t\t<div class=\"elementor-button-wrapper\">\n\t\t\t<a class=\"elementor-button elementor-button-link elementor-size-sm\" href=\"https:\/\/biografiasociedad.com\/ca\/contactar\/\">\n\t\t\t\t\t\t<span class=\"elementor-button-content-wrapper\">\n\t\t\t\t\t\t<span class=\"elementor-button-text\">Contactar<\/span>\n\t\t<\/span>\n\t\t\t\t\t<\/a>\n\t\t<\/div>\n\t\t\t\t<\/div>\n\t\t\t\t<\/div>\n\t\t\t\t<\/div>\n\t\t\t\t\t<\/div>\n\t\t\t\t<\/div>\n\t\t\t\t\t<\/div>\n\t\t\t\t<\/div>\n\t\t\t\t\t\t\t<\/div>\n\t\t","protected":false},"excerpt":{"rendered":"<p>Accions formatives Les integrants de l&#8217;Institut Biografia &amp; Societat comptem amb m\u00e9s de vint anys de traject\u00f2ria docent en l\u2019\u00e0mbit universitari, postuniversitari i en organitzacions del tercer sector. La nostra&#8230;<\/p>\n","protected":false},"author":1,"featured_media":0,"parent":1682,"menu_order":0,"comment_status":"closed","ping_status":"closed","template":"","meta":{"footnotes":""},"aioseo_notices":[],"_links":{"self":[{"href":"https:\/\/biografiasociedad.com\/ca\/wp-json\/wp\/v2\/pages\/1684"}],"collection":[{"href":"https:\/\/biografiasociedad.com\/ca\/wp-json\/wp\/v2\/pages"}],"about":[{"href":"https:\/\/biografiasociedad.com\/ca\/wp-json\/wp\/v2\/types\/page"}],"author":[{"embeddable":true,"href":"https:\/\/biografiasociedad.com\/ca\/wp-json\/wp\/v2\/users\/1"}],"replies":[{"embeddable":true,"href":"https:\/\/biografiasociedad.com\/ca\/wp-json\/wp\/v2\/comments?post=1684"}],"version-history":[{"count":37,"href":"https:\/\/biografiasociedad.com\/ca\/wp-json\/wp\/v2\/pages\/1684\/revisions"}],"predecessor-version":[{"id":2022,"href":"https:\/\/biografiasociedad.com\/ca\/wp-json\/wp\/v2\/pages\/1684\/revisions\/2022"}],"up":[{"embeddable":true,"href":"https:\/\/biografiasociedad.com\/ca\/wp-json\/wp\/v2\/pages\/1682"}],"wp:attachment":[{"href":"https:\/\/biografiasociedad.com\/ca\/wp-json\/wp\/v2\/media?parent=1684"}],"curies":[{"name":"wp","href":"https:\/\/api.w.org\/{rel}","templated":true}]}}