{"id":1693,"date":"2017-07-26T11:43:00","date_gmt":"2017-07-26T10:43:00","guid":{"rendered":"https:\/\/biografiasociedad.com\/qui-som\/"},"modified":"2025-02-28T10:01:22","modified_gmt":"2025-02-28T09:01:22","slug":"qui-som","status":"publish","type":"page","link":"https:\/\/biografiasociedad.com\/ca\/qui-som\/","title":{"rendered":"Qui som"},"content":{"rendered":"\t\t<div data-elementor-type=\"wp-page\" data-elementor-id=\"1693\" class=\"elementor elementor-1693 elementor-87\">\n\t\t\t\t\t\t\t<div class=\"elementor-element elementor-element-39a948e e-flex e-con-boxed e-con e-parent\" data-id=\"39a948e\" data-element_type=\"container\" data-settings=\"{&quot;container_type&quot;:&quot;flex&quot;,&quot;content_width&quot;:&quot;boxed&quot;}\" data-core-v316-plus=\"true\">\n\t\t\t\t\t<div class=\"e-con-inner\">\n\t\t<div class=\"elementor-element elementor-element-08677bc e-flex e-con-boxed e-con e-child\" data-id=\"08677bc\" data-element_type=\"container\" data-settings=\"{&quot;container_type&quot;:&quot;flex&quot;,&quot;content_width&quot;:&quot;boxed&quot;}\">\n\t\t\t\t\t<div class=\"e-con-inner\">\n\t\t\t\t<div class=\"elementor-element elementor-element-37f5880 elementor-widget__width-initial elementor-widget elementor-widget-heading\" data-id=\"37f5880\" data-element_type=\"widget\" data-widget_type=\"heading.default\">\n\t\t\t\t<div class=\"elementor-widget-container\">\n\t\t\t<style>\/*! elementor - v3.18.0 - 08-12-2023 *\/\n.elementor-heading-title{padding:0;margin:0;line-height:1}.elementor-widget-heading .elementor-heading-title[class*=elementor-size-]>a{color:inherit;font-size:inherit;line-height:inherit}.elementor-widget-heading .elementor-heading-title.elementor-size-small{font-size:15px}.elementor-widget-heading .elementor-heading-title.elementor-size-medium{font-size:19px}.elementor-widget-heading .elementor-heading-title.elementor-size-large{font-size:29px}.elementor-widget-heading .elementor-heading-title.elementor-size-xl{font-size:39px}.elementor-widget-heading .elementor-heading-title.elementor-size-xxl{font-size:59px}<\/style><h2 class=\"elementor-heading-title elementor-size-default\"><b>Coneix-nos<\/b><\/h2>\t\t<\/div>\n\t\t\t\t<\/div>\n\t\t\t\t<div class=\"elementor-element elementor-element-53a824d elementor-hidden-mobile elementor-widget-divider--view-line elementor-widget elementor-widget-divider\" data-id=\"53a824d\" data-element_type=\"widget\" data-widget_type=\"divider.default\">\n\t\t\t\t<div class=\"elementor-widget-container\">\n\t\t\t<style>\/*! elementor - v3.18.0 - 08-12-2023 *\/\n.elementor-widget-divider{--divider-border-style:none;--divider-border-width:1px;--divider-color:#0c0d0e;--divider-icon-size:20px;--divider-element-spacing:10px;--divider-pattern-height:24px;--divider-pattern-size:20px;--divider-pattern-url:none;--divider-pattern-repeat:repeat-x}.elementor-widget-divider .elementor-divider{display:flex}.elementor-widget-divider .elementor-divider__text{font-size:15px;line-height:1;max-width:95%}.elementor-widget-divider .elementor-divider__element{margin:0 var(--divider-element-spacing);flex-shrink:0}.elementor-widget-divider .elementor-icon{font-size:var(--divider-icon-size)}.elementor-widget-divider .elementor-divider-separator{display:flex;margin:0;direction:ltr}.elementor-widget-divider--view-line_icon .elementor-divider-separator,.elementor-widget-divider--view-line_text .elementor-divider-separator{align-items:center}.elementor-widget-divider--view-line_icon .elementor-divider-separator:after,.elementor-widget-divider--view-line_icon .elementor-divider-separator:before,.elementor-widget-divider--view-line_text .elementor-divider-separator:after,.elementor-widget-divider--view-line_text .elementor-divider-separator:before{display:block;content:\"\";border-bottom:0;flex-grow:1;border-top:var(--divider-border-width) var(--divider-border-style) var(--divider-color)}.elementor-widget-divider--element-align-left .elementor-divider .elementor-divider-separator>.elementor-divider__svg:first-of-type{flex-grow:0;flex-shrink:100}.elementor-widget-divider--element-align-left .elementor-divider-separator:before{content:none}.elementor-widget-divider--element-align-left .elementor-divider__element{margin-left:0}.elementor-widget-divider--element-align-right .elementor-divider .elementor-divider-separator>.elementor-divider__svg:last-of-type{flex-grow:0;flex-shrink:100}.elementor-widget-divider--element-align-right .elementor-divider-separator:after{content:none}.elementor-widget-divider--element-align-right .elementor-divider__element{margin-right:0}.elementor-widget-divider:not(.elementor-widget-divider--view-line_text):not(.elementor-widget-divider--view-line_icon) .elementor-divider-separator{border-top:var(--divider-border-width) var(--divider-border-style) var(--divider-color)}.elementor-widget-divider--separator-type-pattern{--divider-border-style:none}.elementor-widget-divider--separator-type-pattern.elementor-widget-divider--view-line .elementor-divider-separator,.elementor-widget-divider--separator-type-pattern:not(.elementor-widget-divider--view-line) .elementor-divider-separator:after,.elementor-widget-divider--separator-type-pattern:not(.elementor-widget-divider--view-line) .elementor-divider-separator:before,.elementor-widget-divider--separator-type-pattern:not([class*=elementor-widget-divider--view]) .elementor-divider-separator{width:100%;min-height:var(--divider-pattern-height);-webkit-mask-size:var(--divider-pattern-size) 100%;mask-size:var(--divider-pattern-size) 100%;-webkit-mask-repeat:var(--divider-pattern-repeat);mask-repeat:var(--divider-pattern-repeat);background-color:var(--divider-color);-webkit-mask-image:var(--divider-pattern-url);mask-image:var(--divider-pattern-url)}.elementor-widget-divider--no-spacing{--divider-pattern-size:auto}.elementor-widget-divider--bg-round{--divider-pattern-repeat:round}.rtl .elementor-widget-divider .elementor-divider__text{direction:rtl}.e-con-inner>.elementor-widget-divider,.e-con>.elementor-widget-divider{width:var(--container-widget-width,100%);--flex-grow:var(--container-widget-flex-grow)}<\/style>\t\t<div class=\"elementor-divider\">\n\t\t\t<span class=\"elementor-divider-separator\">\n\t\t\t\t\t\t<\/span>\n\t\t<\/div>\n\t\t\t\t<\/div>\n\t\t\t\t<\/div>\n\t\t\t\t\t<\/div>\n\t\t\t\t<\/div>\n\t\t\t\t\t<\/div>\n\t\t\t\t<\/div>\n\t\t<div class=\"elementor-element elementor-element-ef01746 e-flex e-con-boxed e-con e-parent\" data-id=\"ef01746\" data-element_type=\"container\" data-settings=\"{&quot;container_type&quot;:&quot;flex&quot;,&quot;content_width&quot;:&quot;boxed&quot;}\" data-core-v316-plus=\"true\">\n\t\t\t\t\t<div class=\"e-con-inner\">\n\t\t<div class=\"elementor-element elementor-element-3a498da e-flex e-con-boxed e-con e-child\" data-id=\"3a498da\" data-element_type=\"container\" data-settings=\"{&quot;container_type&quot;:&quot;flex&quot;,&quot;content_width&quot;:&quot;boxed&quot;}\">\n\t\t\t\t\t<div class=\"e-con-inner\">\n\t\t\t\t<div class=\"elementor-element elementor-element-d2f3342 elementor-widget elementor-widget-text-editor\" data-id=\"d2f3342\" data-element_type=\"widget\" data-widget_type=\"text-editor.default\">\n\t\t\t\t<div class=\"elementor-widget-container\">\n\t\t\t<style>\/*! elementor - v3.18.0 - 08-12-2023 *\/\n.elementor-widget-text-editor.elementor-drop-cap-view-stacked .elementor-drop-cap{background-color:#69727d;color:#fff}.elementor-widget-text-editor.elementor-drop-cap-view-framed .elementor-drop-cap{color:#69727d;border:3px solid;background-color:transparent}.elementor-widget-text-editor:not(.elementor-drop-cap-view-default) .elementor-drop-cap{margin-top:8px}.elementor-widget-text-editor:not(.elementor-drop-cap-view-default) .elementor-drop-cap-letter{width:1em;height:1em}.elementor-widget-text-editor .elementor-drop-cap{float:left;text-align:center;line-height:1;font-size:50px}.elementor-widget-text-editor .elementor-drop-cap-letter{display:inline-block}<\/style>\t\t\t\t<p>A mitjan anys noranta, les nostres traject\u00f2ries personals i professionals es van creuar i, des de llavors, hem anat desenvolupant un espai de reflexi\u00f3 i acci\u00f3 sobre les relacions socials de persones confrontades als reptes que ens imposa el nostre temps.<\/p><p>Hem desenvolupat accions formatives, de recerca i intervenci\u00f3 social i emocional que ens han perm\u00e8s hibridar les nostres disciplines professionals procedents de la <strong>sociologia, l&#8217;antropologia, el treball social i la mediaci\u00f3 comunit\u00e0ria. <\/strong><\/p>\t\t\t\t\t\t<\/div>\n\t\t\t\t<\/div>\n\t\t\t\t\t<\/div>\n\t\t\t\t<\/div>\n\t\t\t\t\t<\/div>\n\t\t\t\t<\/div>\n\t\t<div class=\"elementor-element elementor-element-fe84562 e-flex e-con-boxed e-con e-parent\" data-id=\"fe84562\" data-element_type=\"container\" id=\"elisabet\" data-settings=\"{&quot;container_type&quot;:&quot;flex&quot;,&quot;content_width&quot;:&quot;boxed&quot;}\" data-core-v316-plus=\"true\">\n\t\t\t\t\t<div class=\"e-con-inner\">\n\t\t<div class=\"elementor-element elementor-element-b13ecba e-flex e-con-boxed e-con e-child\" data-id=\"b13ecba\" data-element_type=\"container\" data-settings=\"{&quot;container_type&quot;:&quot;flex&quot;,&quot;content_width&quot;:&quot;boxed&quot;}\">\n\t\t\t\t\t<div class=\"e-con-inner\">\n\t\t<div class=\"elementor-element elementor-element-f6eb42c e-con-full e-flex e-con e-child\" data-id=\"f6eb42c\" data-element_type=\"container\" data-settings=\"{&quot;content_width&quot;:&quot;full&quot;,&quot;container_type&quot;:&quot;flex&quot;}\">\n\t\t\t\t<div class=\"elementor-element elementor-element-f9f5f17 elementor-widget elementor-widget-image\" data-id=\"f9f5f17\" data-element_type=\"widget\" data-widget_type=\"image.default\">\n\t\t\t\t<div class=\"elementor-widget-container\">\n\t\t\t<style>\/*! elementor - v3.18.0 - 08-12-2023 *\/\n.elementor-widget-image{text-align:center}.elementor-widget-image a{display:inline-block}.elementor-widget-image a img[src$=\".svg\"]{width:48px}.elementor-widget-image img{vertical-align:middle;display:inline-block}<\/style>\t\t\t\t\t\t\t\t\t\t\t\t<img fetchpriority=\"high\" decoding=\"async\" width=\"415\" height=\"415\" src=\"https:\/\/biografiasociedad.com\/wp-content\/uploads\/2023\/11\/elisabet-tejero.jpg\" class=\"attachment-large size-large wp-image-1261\" alt=\"\" srcset=\"https:\/\/biografiasociedad.com\/wp-content\/uploads\/2023\/11\/elisabet-tejero.jpg 415w, https:\/\/biografiasociedad.com\/wp-content\/uploads\/2023\/11\/elisabet-tejero-300x300.jpg 300w, https:\/\/biografiasociedad.com\/wp-content\/uploads\/2023\/11\/elisabet-tejero-150x150.jpg 150w\" sizes=\"(max-width: 415px) 100vw, 415px\" \/>\t\t\t\t\t\t\t\t\t\t\t\t\t\t\t<\/div>\n\t\t\t\t<\/div>\n\t\t\t\t<\/div>\n\t\t<div class=\"elementor-element elementor-element-b734c77 e-con-full e-flex e-con e-child\" data-id=\"b734c77\" data-element_type=\"container\" data-settings=\"{&quot;content_width&quot;:&quot;full&quot;,&quot;container_type&quot;:&quot;flex&quot;}\">\n\t\t\t\t<div class=\"elementor-element elementor-element-e81eb14 elementor-widget elementor-widget-text-editor\" data-id=\"e81eb14\" data-element_type=\"widget\" data-widget_type=\"text-editor.default\">\n\t\t\t\t<div class=\"elementor-widget-container\">\n\t\t\t\t\t\t\t<h3><strong>Elisabet Tejero<\/strong><\/h3><p>Membre fundadora en actiu fins el desembre de 2024.<\/p><p>Durant la meva infantesa i adolesc\u00e8ncia, els relats escoltats a la r\u00e0dio per part de persones an\u00f2nimes que narraven llurs experi\u00e8ncies em portaren a preguntar-me qui som i com vivim.<\/p><p>De jove comen\u00e7o a interessar-me per l&#8217;urbanisme i la ciutat com a escenari on transcorren una gran diversitat d&#8217;hist\u00f2ries; un inter\u00e8s que es veu refor\u00e7at per una tradici\u00f3 familiar d&#8217;arquitectes. Decideixo fer aleshores la llicenciatura i un m\u00e0ster en Sociologia. Part de la meva singladura bioprofessional es desenvolupa a Am\u00e8rica Llatina, en concret a Vene\u00e7uela, Cuba i M\u00e8xic, on participo en projectes d&#8217;investigaci\u00f3 i acci\u00f3 comunit\u00e0ries, tot cercant l&#8217;encontre entre subjecte i societat, aix\u00ed com els conflictes derivats d&#8217;aquesta interrelaci\u00f3.<\/p><p>Actualment em dedico a la doc\u00e8ncia com a professora associada en el Grau de Treball Social a la Universitat de Barcelona i a diferents m\u00e0sters d&#8217;altres universitats, a la investigaci\u00f3 aplicada i a l&#8217;assessorament per l&#8217;Administraci\u00f3 P\u00fablica El meu inter\u00e8s per la perspectiva biogr\u00e0fica i conversacional com a metodologia de treball troba el seu lloc en el projecte &#8216;Biografia &amp; Societat\u2019.<\/p><p>Soc professora associada de Treball Social a la Universitat de Barcelona i docent en diferents m\u00e0sters I m&#8217;he dedicat a la investigaci\u00f3 aplicada i a l&#8217;assessorament per a l&#8217;Administraci\u00f3.<\/p>\t\t\t\t\t\t<\/div>\n\t\t\t\t<\/div>\n\t\t\t\t<\/div>\n\t\t\t\t\t<\/div>\n\t\t\t\t<\/div>\n\t\t\t\t\t<\/div>\n\t\t\t\t<\/div>\n\t\t<div class=\"elementor-element elementor-element-c171124 e-flex e-con-boxed e-con e-parent\" data-id=\"c171124\" data-element_type=\"container\" id=\"laura\" data-settings=\"{&quot;container_type&quot;:&quot;flex&quot;,&quot;content_width&quot;:&quot;boxed&quot;}\" data-core-v316-plus=\"true\">\n\t\t\t\t\t<div class=\"e-con-inner\">\n\t\t<div class=\"elementor-element elementor-element-cbc8129 e-flex e-con-boxed e-con e-child\" data-id=\"cbc8129\" data-element_type=\"container\" data-settings=\"{&quot;container_type&quot;:&quot;flex&quot;,&quot;content_width&quot;:&quot;boxed&quot;}\">\n\t\t\t\t\t<div class=\"e-con-inner\">\n\t\t<div class=\"elementor-element elementor-element-b6978b7 e-con-full e-flex e-con e-child\" data-id=\"b6978b7\" data-element_type=\"container\" data-settings=\"{&quot;content_width&quot;:&quot;full&quot;,&quot;container_type&quot;:&quot;flex&quot;}\">\n\t\t\t\t<div class=\"elementor-element elementor-element-8de3bfe elementor-widget elementor-widget-image\" data-id=\"8de3bfe\" data-element_type=\"widget\" data-widget_type=\"image.default\">\n\t\t\t\t<div class=\"elementor-widget-container\">\n\t\t\t\t\t\t\t\t\t\t\t\t\t\t\t<img decoding=\"async\" width=\"415\" height=\"415\" src=\"https:\/\/biografiasociedad.com\/wp-content\/uploads\/2023\/11\/laura-torrabadella.jpg\" class=\"attachment-large size-large wp-image-1262\" alt=\"\" srcset=\"https:\/\/biografiasociedad.com\/wp-content\/uploads\/2023\/11\/laura-torrabadella.jpg 415w, https:\/\/biografiasociedad.com\/wp-content\/uploads\/2023\/11\/laura-torrabadella-300x300.jpg 300w, https:\/\/biografiasociedad.com\/wp-content\/uploads\/2023\/11\/laura-torrabadella-150x150.jpg 150w\" sizes=\"(max-width: 415px) 100vw, 415px\" \/>\t\t\t\t\t\t\t\t\t\t\t\t\t\t\t<\/div>\n\t\t\t\t<\/div>\n\t\t\t\t<\/div>\n\t\t<div class=\"elementor-element elementor-element-6e0088a e-con-full e-flex e-con e-child\" data-id=\"6e0088a\" data-element_type=\"container\" data-settings=\"{&quot;content_width&quot;:&quot;full&quot;,&quot;container_type&quot;:&quot;flex&quot;}\">\n\t\t\t\t<div class=\"elementor-element elementor-element-9b0e46f elementor-widget elementor-widget-text-editor\" data-id=\"9b0e46f\" data-element_type=\"widget\" data-widget_type=\"text-editor.default\">\n\t\t\t\t<div class=\"elementor-widget-container\">\n\t\t\t\t\t\t\t<h3><strong>Laura Torrabadella<\/strong><\/h3><p>Recordo com molt aviat vaig sentir-me atreta per l&#8217;estranger, per l&#8217;altre desconegut. La meva inquietud per entendre i comunicar-me em porten a estudiar lleng\u00fces i decideixo formar-me com a traductora a la Universitat Aut\u00f2noma de Barcelona, a la Bristol Polytechnic (Gran Bretanya) i a la Johannes Gutenberg &#8211; Universit\u00e4t Mainz (Alemanya). Els meus estudis a l&#8217;estranger desperten el meu inter\u00e8s per les ci\u00e8ncies socials i, a la tornada, em llicencio i obtinc un m\u00e0ster de Sociologia a l&#8217;UAB.<\/p><p>En la meva traject\u00f2ria vital ser mare (i filla) ocupa un espai i un temps fonamentals que m&#8217;ajuda a valorar la dimensi\u00f3 de cura i all\u00f2 que significa construir-nos com a subjectes interdependents. Entenc que tota la meva experi\u00e8ncia de recerca i acci\u00f3 sociol\u00f2giques en els \u00e0mbits de fam\u00edlia i inf\u00e0ncia, g\u00e8nere, educaci\u00f3 i exclusi\u00f3 social est\u00e0 impregnada d&#8217;una mirada humanista on el saber biogr\u00e0fic i la conversa ocupen un lloc central.<\/p><p>Avui combino la meva activitat com a professora associada del Grau de Treball Social a la Universitat de Barcelona i a diferents m\u00e0sters universitaris amb la recerca biogr\u00e0fica aplicada.<\/p><p>La meva traject\u00f2ria personal i les meves inquietuds en el terreny social han pogut cristal\u00b7litzar i desenvolupar-se en el projecte \u2018Biografia &amp; Societat\u2019.<\/p>\t\t\t\t\t\t<\/div>\n\t\t\t\t<\/div>\n\t\t\t\t<\/div>\n\t\t\t\t\t<\/div>\n\t\t\t\t<\/div>\n\t\t\t\t\t<\/div>\n\t\t\t\t<\/div>\n\t\t<div class=\"elementor-element elementor-element-9f75869 e-flex e-con-boxed e-con e-parent\" data-id=\"9f75869\" data-element_type=\"container\" id=\"silvia\" data-settings=\"{&quot;container_type&quot;:&quot;flex&quot;,&quot;content_width&quot;:&quot;boxed&quot;}\" data-core-v316-plus=\"true\">\n\t\t\t\t\t<div class=\"e-con-inner\">\n\t\t<div class=\"elementor-element elementor-element-806592a e-flex e-con-boxed e-con e-child\" data-id=\"806592a\" data-element_type=\"container\" data-settings=\"{&quot;container_type&quot;:&quot;flex&quot;,&quot;content_width&quot;:&quot;boxed&quot;}\">\n\t\t\t\t\t<div class=\"e-con-inner\">\n\t\t<div class=\"elementor-element elementor-element-ccc0d2a e-con-full e-flex e-con e-child\" data-id=\"ccc0d2a\" data-element_type=\"container\" data-settings=\"{&quot;content_width&quot;:&quot;full&quot;,&quot;container_type&quot;:&quot;flex&quot;}\">\n\t\t\t\t<div class=\"elementor-element elementor-element-b4216f3 elementor-widget elementor-widget-image\" data-id=\"b4216f3\" data-element_type=\"widget\" data-widget_type=\"image.default\">\n\t\t\t\t<div class=\"elementor-widget-container\">\n\t\t\t\t\t\t\t\t\t\t\t\t\t\t\t<img decoding=\"async\" width=\"415\" height=\"415\" src=\"https:\/\/biografiasociedad.com\/wp-content\/uploads\/2023\/11\/silvia-iannitelli.jpg\" class=\"attachment-large size-large wp-image-1263\" alt=\"\" srcset=\"https:\/\/biografiasociedad.com\/wp-content\/uploads\/2023\/11\/silvia-iannitelli.jpg 415w, https:\/\/biografiasociedad.com\/wp-content\/uploads\/2023\/11\/silvia-iannitelli-300x300.jpg 300w, https:\/\/biografiasociedad.com\/wp-content\/uploads\/2023\/11\/silvia-iannitelli-150x150.jpg 150w\" sizes=\"(max-width: 415px) 100vw, 415px\" \/>\t\t\t\t\t\t\t\t\t\t\t\t\t\t\t<\/div>\n\t\t\t\t<\/div>\n\t\t\t\t<\/div>\n\t\t<div class=\"elementor-element elementor-element-dfb78f4 e-con-full e-flex e-con e-child\" data-id=\"dfb78f4\" data-element_type=\"container\" data-settings=\"{&quot;content_width&quot;:&quot;full&quot;,&quot;container_type&quot;:&quot;flex&quot;}\">\n\t\t\t\t<div class=\"elementor-element elementor-element-b21161b elementor-widget elementor-widget-text-editor\" data-id=\"b21161b\" data-element_type=\"widget\" data-widget_type=\"text-editor.default\">\n\t\t\t\t<div class=\"elementor-widget-container\">\n\t\t\t\t\t\t\t<h3><strong>Silvia Iannitelli<\/strong><\/h3><p>Filla del sud, primer d&#8217;It\u00e0lia, despr\u00e9s d&#8217;Am\u00e8rica i finalment de Catalunya, durant la meva infantesa somiava amb un pont que un\u00eds els diferents continents, cultures i persones. En la vida adulta, ja instal\u00b7lada a Barcelona, soc mare. Gr\u00e0cies a la maternitat i als estudis vaig construint aquell pont somiat. Obtinc la diplomatura de Treball Social i, m\u00e9s endavant la llicenciatura d&#8217;Antropologia Social i Cultural per la Universitat de Barcelona.<\/p><p>Les meves inquietuds n\u00f2mades em porten a emprendre un viatge de retorn a Argentina i formar-me com a mediadora. A la tornada constitueixo el primer postgrau en mediaci\u00f3 comunit\u00e0ria d&#8217;Espanya a la Universitat de Barcelona. He estat professora dels estudis de Treball Social a la UB i he impartit doc\u00e8ncia a diferents m\u00e0sters universitaris. La meva experi\u00e8ncia professional, tant en la formaci\u00f3 com en la investigaci\u00f3, abasten els camps del treball social individual i familiar, salut mental, supervisi\u00f3, mediaci\u00f3 i recerca biogr\u00e0fica.<\/p><p>Des de la convicci\u00f3 que el saber es construeix col\u00b7lectivament soc investigadora i mentora de \u2018Biografia &amp; Societat\u2019.<\/p>\t\t\t\t\t\t<\/div>\n\t\t\t\t<\/div>\n\t\t\t\t<\/div>\n\t\t\t\t\t<\/div>\n\t\t\t\t<\/div>\n\t\t\t\t\t<\/div>\n\t\t\t\t<\/div>\n\t\t<div class=\"elementor-element elementor-element-78cf0b2 cta-footer e-flex e-con-boxed e-con e-parent\" data-id=\"78cf0b2\" data-element_type=\"container\" data-settings=\"{&quot;container_type&quot;:&quot;flex&quot;,&quot;content_width&quot;:&quot;boxed&quot;}\" data-core-v316-plus=\"true\">\n\t\t\t\t\t<div class=\"e-con-inner\">\n\t\t<div class=\"elementor-element elementor-element-182d060 e-flex e-con-boxed e-con e-child\" data-id=\"182d060\" data-element_type=\"container\" data-settings=\"{&quot;container_type&quot;:&quot;flex&quot;,&quot;content_width&quot;:&quot;boxed&quot;}\">\n\t\t\t\t\t<div class=\"e-con-inner\">\n\t\t<div class=\"elementor-element elementor-element-156b7ae e-con-full e-flex e-con e-child\" data-id=\"156b7ae\" data-element_type=\"container\" data-settings=\"{&quot;content_width&quot;:&quot;full&quot;,&quot;background_background&quot;:&quot;classic&quot;,&quot;container_type&quot;:&quot;flex&quot;}\">\n\t\t\t\t<\/div>\n\t\t<div class=\"elementor-element elementor-element-e47bbfd e-con-full e-flex e-con e-child\" data-id=\"e47bbfd\" data-element_type=\"container\" data-settings=\"{&quot;content_width&quot;:&quot;full&quot;,&quot;background_background&quot;:&quot;classic&quot;,&quot;container_type&quot;:&quot;flex&quot;}\">\n\t\t\t\t<div class=\"elementor-element elementor-element-da9bea5 elementor-widget elementor-widget-heading\" data-id=\"da9bea5\" data-element_type=\"widget\" data-widget_type=\"heading.default\">\n\t\t\t\t<div class=\"elementor-widget-container\">\n\t\t\t<h3 class=\"elementor-heading-title elementor-size-default\">CONNECTA AMB NOSALTRES I COMEN\u00c7A EL VIATGE CAP A UNA COMPRENSI\u00d3 M\u00c9S PROFUNDA DE LA teva biografia i la SOCIETAT!<\/h3>\t\t<\/div>\n\t\t\t\t<\/div>\n\t\t\t\t<div class=\"elementor-element elementor-element-a262953 elementor-widget elementor-widget-text-editor\" data-id=\"a262953\" data-element_type=\"widget\" data-widget_type=\"text-editor.default\">\n\t\t\t\t<div class=\"elementor-widget-container\">\n\t\t\t\t\t\t\t<p>En l&#8217;Institut Biografia i Societat, creiem en el poder de la teva hist\u00f2ria per a modelar el m\u00f3n que compartim.<\/p>\n\t\t\t\t\t\t<\/div>\n\t\t\t\t<\/div>\n\t\t\t\t<div class=\"elementor-element elementor-element-e1d3573 elementor-align-left button-container elementor-widget elementor-widget-button\" data-id=\"e1d3573\" data-element_type=\"widget\" data-widget_type=\"button.default\">\n\t\t\t\t<div class=\"elementor-widget-container\">\n\t\t\t\t\t<div class=\"elementor-button-wrapper\">\n\t\t\t<a class=\"elementor-button elementor-button-link elementor-size-sm\" href=\"https:\/\/biografiasociedad.com\/ca\/contactar\/\">\n\t\t\t\t\t\t<span class=\"elementor-button-content-wrapper\">\n\t\t\t\t\t\t<span class=\"elementor-button-text\">Contactar<\/span>\n\t\t<\/span>\n\t\t\t\t\t<\/a>\n\t\t<\/div>\n\t\t\t\t<\/div>\n\t\t\t\t<\/div>\n\t\t\t\t<\/div>\n\t\t\t\t\t<\/div>\n\t\t\t\t<\/div>\n\t\t\t\t\t<\/div>\n\t\t\t\t<\/div>\n\t\t\t\t\t\t\t<\/div>\n\t\t","protected":false},"excerpt":{"rendered":"<p>Coneix-nos A mitjan anys noranta, les nostres traject\u00f2ries personals i professionals es van creuar i, des de llavors, hem anat desenvolupant un espai de reflexi\u00f3 i acci\u00f3 sobre les relacions&#8230;<\/p>\n","protected":false},"author":1,"featured_media":0,"parent":0,"menu_order":1,"comment_status":"closed","ping_status":"closed","template":"","meta":{"footnotes":""},"aioseo_notices":[],"_links":{"self":[{"href":"https:\/\/biografiasociedad.com\/ca\/wp-json\/wp\/v2\/pages\/1693"}],"collection":[{"href":"https:\/\/biografiasociedad.com\/ca\/wp-json\/wp\/v2\/pages"}],"about":[{"href":"https:\/\/biografiasociedad.com\/ca\/wp-json\/wp\/v2\/types\/page"}],"author":[{"embeddable":true,"href":"https:\/\/biografiasociedad.com\/ca\/wp-json\/wp\/v2\/users\/1"}],"replies":[{"embeddable":true,"href":"https:\/\/biografiasociedad.com\/ca\/wp-json\/wp\/v2\/comments?post=1693"}],"version-history":[{"count":22,"href":"https:\/\/biografiasociedad.com\/ca\/wp-json\/wp\/v2\/pages\/1693\/revisions"}],"predecessor-version":[{"id":2053,"href":"https:\/\/biografiasociedad.com\/ca\/wp-json\/wp\/v2\/pages\/1693\/revisions\/2053"}],"wp:attachment":[{"href":"https:\/\/biografiasociedad.com\/ca\/wp-json\/wp\/v2\/media?parent=1693"}],"curies":[{"name":"wp","href":"https:\/\/api.w.org\/{rel}","templated":true}]}}